{"id":1396,"date":"2021-02-28T07:46:10","date_gmt":"2021-02-28T06:46:10","guid":{"rendered":"https:\/\/muenster-zu-fuss.de\/?page_id=1396"},"modified":"2021-11-08T21:12:54","modified_gmt":"2021-11-08T20:12:54","slug":"umschau-fussverkehr","status":"publish","type":"page","link":"https:\/\/muenster-zu-fuss.de\/wp-archiv\/umschau-fussverkehr\/","title":{"rendered":"Umschau Fu\u00dfverkehr"},"content":{"rendered":"\n<p>Fortgesetzte Sammlung fu\u00dfverkehrsrelevanter Artikel aus M\u00fcnster, Deutschland und der Welt<\/p>\n\n\n\n<div class=\"wp-block-group\"><div class=\"wp-block-group__inner-container is-layout-flow wp-block-group-is-layout-flow\">\n<hr class=\"wp-block-separator\"\/>\n\n\n\n<h4 class=\"wp-block-heading\">Fu\u00dfg\u00e4nger vor!<\/h4>\n\n\n\n<blockquote class=\"wp-block-quote is-layout-flow wp-block-quote-is-layout-flow\"><p>Die Stadt Flensburg will den innerst\u00e4dtischen Fu\u00dfverkehr f\u00f6rdern. Daf\u00fcr m\u00fcssen Wege freigemacht oder \u00fcberhaupt erst geschaffen werden<\/p><cite><a rel=\"noreferrer noopener\" href=\"https:\/\/taz.de\/!5808476\/\" target=\"_blank\">taz. am Wochenende<\/a> vom 23.\u200910.\u20092021<\/cite><\/blockquote>\n<\/div><\/div>\n\n\n\n<div class=\"wp-block-group\"><div class=\"wp-block-group__inner-container is-layout-flow wp-block-group-is-layout-flow\">\n<hr class=\"wp-block-separator\"\/>\n\n\n\n<h4 class=\"wp-block-heading\">Zunehmende R\u00fccksichtslosigkeit?<\/h4>\n\n\n\n<blockquote class=\"wp-block-quote is-layout-flow wp-block-quote-is-layout-flow\"><p>Unser Verhalten im Stra\u00dfenverkehr&nbsp;\u2192 <a rel=\"noreferrer noopener\" href=\"https:\/\/podcast-mp3.dradio.de\/podcast\/2021\/10\/15\/zunehmende_ruecksichtslosigkeit_unser_verhalten_im_dlf_20211015_1008_9073fab7.mp3\" target=\"_blank\">MP3<\/a><br><a rel=\"noreferrer noopener\" href=\"https:\/\/www.deutschlandfunk.de\/lebenszeit.1175.de.html\" target=\"_blank\">Deutschlandfunk Lebenszeit<\/a> vom 15. Oktober 2021, 10:08 Uhr.<br>H\u00f6ren bis: 19.01.2038 04:14<\/p><\/blockquote>\n<\/div><\/div>\n\n\n\n<div class=\"wp-block-group\"><div class=\"wp-block-group__inner-container is-layout-flow wp-block-group-is-layout-flow\">\n<hr class=\"wp-block-separator\"\/>\n\n\n\n<h4 class=\"wp-block-heading\">Parken auf dem Gehweg: Ohne R\u00fccksicht<\/h4>\n\n\n\n<blockquote class=\"wp-block-quote is-layout-flow wp-block-quote-is-layout-flow\"><p>Parken auf Gehwegen wird selten geahndet, dabei gef\u00e4hrdet es vor allem \u00e4ltere und beeintr\u00e4chtigte Fu\u00dfg\u00e4nger. Einige St\u00e4dte wollen jetzt h\u00e4rter durchgreifen.<\/p><cite><a href=\"https:\/\/www.zeit.de\/mobilitaet\/2021-09\/verkehr-parken-gehweg-verbot-auto-toleranz-ruecksichtslosigkeit-gefahr\" target=\"_blank\" rel=\"noreferrer noopener\">Zeit online<\/a> vom 01.10.2021<\/cite><\/blockquote>\n<\/div><\/div>\n\n\n\n<div class=\"wp-block-group\"><div class=\"wp-block-group__inner-container is-layout-flow wp-block-group-is-layout-flow\">\n<hr class=\"wp-block-separator\"\/>\n\n\n\n<h4 class=\"wp-block-heading\">Defizite im Fussg\u00e4ngerverkehr<\/h4>\n\n\n\n<blockquote class=\"wp-block-quote is-layout-flow wp-block-quote-is-layout-flow\"><p>Zu Fu\u00df gehen ist gesund und au\u00dferdem gut f\u00fcr die Umwelt. Trotzdem wurde der Fu\u00dfg\u00e4ngerverkehr in Deutschland viel zu lange stark vernachl\u00e4ssigt. Welche Defizite gibt es? Wie kann f\u00fcr mehr Sicherheit gesorgt werden? Was tun St\u00e4dte, L\u00e4nder und der Bund? Ein Einblick.<\/p><cite><a href=\"https:\/\/www.auto-motor-und-sport.de\/verkehr\/defizite-im-fussgaengerverkehr\/\" target=\"_blank\" rel=\"noreferrer noopener\">auto motor sport<\/a> vom 22.09.2021<\/cite><\/blockquote>\n<\/div><\/div>\n\n\n\n<hr class=\"wp-block-separator\"\/>\n\n\n\n<h4 class=\"wp-block-heading\">Talk Walks, H\u00f6r-G\u00e4nge durch Stadt und Land<\/h4>\n\n\n\n<blockquote class=\"wp-block-quote is-layout-flow wp-block-quote-is-layout-flow\"><p>Zu Fu\u00df in der Stadt \u2013 im Kern dreht sich hier alles um das Gehen. Der Spaziergangsforscher Bertram Weisshaar nimmt dich mit auf dialogische Spazierg\u00e4nge: Jeder TALK WALK wird von einem Talk Gast begleitet. Entlang der Stra\u00dfen, Pl\u00e4tze und Parks entwickelt sich ein Gespr\u00e4ch und Gedankengang zur Lebensqualit\u00e4t in der besuchten Stadt. Im Zentrum steht dabei die Viertelstundenstadt \u2013 also das Bild einer Stadt, in der alle wichtigen allt\u00e4glichen Ziele innerhalb von etwa einer Viertelstunde zu Fu\u00df zu erreichen sind.<\/p><cite><a rel=\"noreferrer noopener\" href=\"https:\/\/talk-walks.net\/\" target=\"_blank\">Webseite<\/a> | <a rel=\"noreferrer noopener\" href=\"https:\/\/www.youtube.com\/channel\/UCPuyf-0906xNyZ0mezXMvWA\" target=\"_blank\">YouTube-Kanal<\/a><\/cite><\/blockquote>\n\n\n\n<hr class=\"wp-block-separator\"\/>\n\n\n\n<h4 class=\"wp-block-heading\">Fu\u00dfg\u00e4nger sind die wahren Umsatzbringer<\/h4>\n\n\n\n<blockquote class=\"wp-block-quote is-layout-flow wp-block-quote-is-layout-flow\"><p>H\u00e4ndler in st\u00e4dtischen Einkaufsstra\u00dfen glauben oft, ein Gro\u00dfteil ihrer Kundschaft komme mit dem Auto. Das ist eine Fehleinsch\u00e4tzung.<\/p><cite><a href=\"https:\/\/www.manager-magazin.de\/harvard\/marketing\/fussgaenger-sind-die-wahren-umsatzbringer-a-d5fc3be8-0002-0001-0000-000179057699\" target=\"_blank\" rel=\"noreferrer noopener\">Harvard Business manager 10\/2021<\/a><\/cite><\/blockquote>\n\n\n\n<hr class=\"wp-block-separator\"\/>\n\n\n\n<h4 class=\"wp-block-heading\">Kinder und Jugendliche im Quartier<\/h4>\n\n\n\n<blockquote class=\"wp-block-quote is-layout-flow wp-block-quote-is-layout-flow\"><p>Handbuch und Beteiligungsmethoden zu Aspekten der urbanen Sicherheit<br>Zehn Methoden, um das Sicherheitsgef\u00fchl von Kindern und Jugendlichen im \u00f6ffentlichen Raum zu erfassen und dazu beizutragen, kinder- und jugendfreundlichere Stadtr\u00e4ume zu schaffen.<\/p><cite><a href=\"https:\/\/difu.de\/publikationen\/2021\/kinder-und-jugendliche-im-quartier\" target=\"_blank\" rel=\"noreferrer noopener\">Deutsches Institut f\u00fcr Urbanistik gGmbH<\/a><\/cite><\/blockquote>\n\n\n\n<hr class=\"wp-block-separator\"\/>\n\n\n\n<h4 class=\"wp-block-heading\">Systematische Untersuchung sicherheitsrelevanten Fu\u00dfg\u00e4ngerverhaltens<\/h4>\n\n\n\n<blockquote class=\"wp-block-quote is-layout-flow wp-block-quote-is-layout-flow\"><p>Fu\u00dfg\u00e4ngerverhalten und Fu\u00dfg\u00e4ngersicherheit wurden gemeinsam in einer Grundlagenanalyse behandelt, unter Ber\u00fccksichtigung der Infrastruktur, des Umfelds, der Personencharakteristika und der Konfliktgegner.<\/p><cite><a href=\"https:\/\/bast.opus.hbz-nrw.de\/frontdoor\/index\/index\/docId\/2461\" target=\"_blank\" rel=\"noreferrer noopener\">https:\/\/bast.opus.hbz-nrw.de\/frontdoor\/index\/index\/docId\/2461<\/a><\/cite><\/blockquote>\n\n\n\n<hr class=\"wp-block-separator\"\/>\n\n\n\n<h4 class=\"wp-block-heading\">Mehr Schutz f\u00fcr die schw\u00e4chsten Verkehrsteilnehmer<\/h4>\n\n\n\n<blockquote class=\"wp-block-quote is-layout-flow wp-block-quote-is-layout-flow\"><p>Berlin hat als erste Stadt ein Fu\u00dfg\u00e4ngergesetz beschlossen. Ampeln sollen l\u00e4nger gr\u00fcn sein, Bordsteine niedriger werden. Wichtiger Teil der Verkehrswende oder nur PR?<\/p><cite><a rel=\"noreferrer noopener\" href=\"https:\/\/www.zeit.de\/mobilitaet\/2021-02\/fussgaengergesetz-berlin-verkehrswende-abgeordnetenhaus-mobilitaet-stadtverkehr\" target=\"_blank\">Zeit online \/ 17.  Februar 2021<\/a><\/cite><\/blockquote>\n\n\n\n<hr class=\"wp-block-separator\"\/>\n\n\n\n<h4 class=\"wp-block-heading\">&#8222;Wir m\u00fcssen das Dorf zur\u00fcck in die Stadt bringen&#8220;<\/h4>\n\n\n\n<blockquote class=\"wp-block-quote is-layout-flow wp-block-quote-is-layout-flow\"><p>Verkehr, H\u00e4user, Infrastruktur: St\u00e4dte sind f\u00fcr die Bed\u00fcrfnisse von M\u00e4nnern geplant, sagt die Stadtplanerin Eva Kail. In Wien macht sie es seit 30 Jahren anders.<\/p><cite><a href=\"https:\/\/www.zeit.de\/mobilitaet\/2021-02\/stadtplanung-wien-eva-kail-gender-planning-frauen\/komplettansicht\" target=\"_blank\" rel=\"noreferrer noopener\">Zeit online \/ 13. Februar 2021<\/a><\/cite><\/blockquote>\n\n\n\n<hr class=\"wp-block-separator\"\/>\n\n\n\n<h4 class=\"wp-block-heading\">VC\u00d6: Im Coronajahr 2020 stieg in Wien der Anteil der aktiven Mobilit\u00e4t auf Rekordwert von 46 Prozent<\/h4>\n\n\n\n<blockquote class=\"wp-block-quote is-layout-flow wp-block-quote-is-layout-flow\"><p>Der Anteil der zu Fu\u00df zur\u00fcckgelegten Wege nahm von 28 auf 37 Prozent zu, der Radverkehrsanteil erreichte mit neun Prozent einen neuen Rekordwert. Der Anteil des Pkw stagnierte auf 27 Prozent. Bereits seit dem Jahr 2009 legen die Wienerinnen und Wiener mehr Wege aktiv zu Fu\u00df und mit dem Fahrrad in Wien zur\u00fcck als mit dem Auto.<\/p><cite><a rel=\"noreferrer noopener\" href=\"https:\/\/www.vcoe.at\/presse\/presseaussendungen\/detail\/vcoe-im-coronajahr-2020-stieg-in-wien-der-anteil-der-aktiven-mobilitaet-auf-rekordwert-von-46-prozent\" target=\"_blank\">VC\u00d6 &#8211; Mobilit\u00e4t mit Zukunft \/ 18. Februar 2021<\/a><br>Der VC\u00d6 ist eine auf Mobilit\u00e4t und Transport spezialisierte, gemeinwohlorientierte Organisation.<\/cite><\/blockquote>\n\n\n\n<p><\/p>\n\n\n\n<hr class=\"wp-block-separator\"\/>\n\n\n\n<h4 class=\"wp-block-heading\">Die Initiative \u201eGeht-doch.Wien\u201c zeigt auf, dass auf Wiensgesteigen oft Platzmangel herrscht.<\/h4>\n\n\n\n<blockquote class=\"wp-block-quote is-layout-flow wp-block-quote-is-layout-flow\"><p>Die Initiative \u201e<a rel=\"noreferrer noopener\" href=\"https:\/\/geht-doch.wien\/\" target=\"_blank\">Geht-doch.Wien<\/a>\u201c hat &#8230; unter dem Hashtag <a rel=\"noreferrer noopener\" href=\"https:\/\/twitter.com\/hashtag\/worstofgehsteig\" target=\"_blank\">#Worstofgehsteig<\/a> die schlimmsten Gehsteige Wiens gesammelt. Auch \u201e<a rel=\"noreferrer noopener\" href=\"https:\/\/platzfuer.wien\/\" target=\"_blank\">Platz f\u00fcr Wien<\/a>\u201c hat man unterst\u00fctzt. Zusammen k\u00e4mpft man generell f\u00fcr eine Neuverteilung des Stra\u00dfenraumes.<\/p><cite><a href=\"https:\/\/www.w24.at\/News\/2021\/3\/Initiative-Gehsteige-oft-schmal-und-verstellt\" target=\"_blank\" rel=\"noreferrer noopener\">w24.at\/News\/2021\/3\/Initiative-Gehsteige-oft-schmal-und-verstellt<\/a><\/cite><\/blockquote>\n\n\n\n<hr class=\"wp-block-separator\"\/>\n\n\n\n<h4 class=\"wp-block-heading\">Der Fu\u00dfverkehr muss endlich die Bedeutung bekommen, die er verdient hat<\/h4>\n\n\n\n<blockquote class=\"wp-block-quote is-layout-flow wp-block-quote-is-layout-flow\"><p>Stefan Papsch ist Fu\u00dfverkehrsbeauftragter, einer der wenigen in Deutschland. Sein Job: die Situation f\u00fcr Fu\u00dfg\u00e4ngerinnen und Fu\u00dfg\u00e4nger in Heilbronn zu verbessern.<\/p><cite><a href=\"https:\/\/www.aktivmobil-bw.de\/aktuelles\/news\/der-fussverkehr-muss-endlich-die-bedeutung-bekommen-die-er-verdient-hat\/vom\/22\/2\/2021\/\" target=\"_blank\" rel=\"noreferrer noopener\">aktivmobil BW 22.02.2021<\/a><\/cite><\/blockquote>\n\n\n\n<hr class=\"wp-block-separator\"\/>\n\n\n\n<h4 class=\"wp-block-heading\">Gehwegparken | Faires Parken in Karlsruhe<\/h4>\n\n\n\n<blockquote class=\"wp-block-quote is-layout-flow wp-block-quote-is-layout-flow\"><p>Markie\u00adrun\u00adgen oder \u00adVer\u00adkehrs\u00adschil\u00adder schaffen stadtweit beim Parken Rechts\u00adsi\u00adcher\u00adheit. Seit Mitte Januar 2019 wird Gehweg\u00adpar\u00adken ohne Le\u00adga\u00adli\u00adsie\u00adrung geahndet. Die B\u00fcrge\u00adrin\u00adnen und B\u00fcrger m\u00fcssen beim \u00adVer\u00adsto\u00df mit einem Bu\u00dfgeld rechnen. Die Durchfahrt f\u00fcr Ret\u00adtungs\u00adfahr\u00adzeuge muss ebenfalls gew\u00e4hr\u00adleis\u00adtet sein.<\/p><cite><a href=\"https:\/\/www.karlsruhe.de\/b3\/mobilitaet\/motorverkehr\/gehwegparken.de\" target=\"_blank\" rel=\"noreferrer noopener\">Karlsruhe: Verkehr und Mobilit\u00e4t<\/a><\/cite><\/blockquote>\n","protected":false},"excerpt":{"rendered":"<p>Fortgesetzte Sammlung fu\u00dfverkehrsrelevanter Artikel aus M\u00fcnster, Deutschland und der Welt Fu\u00dfg\u00e4nger vor! Die Stadt Flensburg will den innerst\u00e4dtischen Fu\u00dfverkehr f\u00f6rdern.<\/p>\n","protected":false},"author":3,"featured_media":0,"parent":0,"menu_order":0,"comment_status":"closed","ping_status":"closed","template":"","meta":{"footnotes":""},"class_list":["post-1396","page","type-page","status-publish","hentry","comments-off"],"_links":{"self":[{"href":"https:\/\/muenster-zu-fuss.de\/wp-archiv\/wp-json\/wp\/v2\/pages\/1396","targetHints":{"allow":["GET"]}}],"collection":[{"href":"https:\/\/muenster-zu-fuss.de\/wp-archiv\/wp-json\/wp\/v2\/pages"}],"about":[{"href":"https:\/\/muenster-zu-fuss.de\/wp-archiv\/wp-json\/wp\/v2\/types\/page"}],"author":[{"embeddable":true,"href":"https:\/\/muenster-zu-fuss.de\/wp-archiv\/wp-json\/wp\/v2\/users\/3"}],"replies":[{"embeddable":true,"href":"https:\/\/muenster-zu-fuss.de\/wp-archiv\/wp-json\/wp\/v2\/comments?post=1396"}],"version-history":[{"count":27,"href":"https:\/\/muenster-zu-fuss.de\/wp-archiv\/wp-json\/wp\/v2\/pages\/1396\/revisions"}],"predecessor-version":[{"id":1705,"href":"https:\/\/muenster-zu-fuss.de\/wp-archiv\/wp-json\/wp\/v2\/pages\/1396\/revisions\/1705"}],"wp:attachment":[{"href":"https:\/\/muenster-zu-fuss.de\/wp-archiv\/wp-json\/wp\/v2\/media?parent=1396"}],"curies":[{"name":"wp","href":"https:\/\/api.w.org\/{rel}","templated":true}]}}